{"version":"1.0","provider_name":"artlogic","provider_url":"https:\/\/artlogic.biz\/de\/","author_name":"SuperAdministrator","author_url":"https:\/\/artlogic.biz\/de\/author\/superadministrator\/","title":"artlogic auf der photokina 2016 in K\u00f6ln - artlogic","type":"rich","width":600,"height":338,"html":"<blockquote class=\"wp-embedded-content\" data-secret=\"SgXcIsZxGe\"><a href=\"https:\/\/artlogic.biz\/de\/artlogic-auf-der-photokina-2016-in-koeln\/\">artlogic auf der photokina 2016 in K\u00f6ln<\/a><\/blockquote><iframe sandbox=\"allow-scripts\" security=\"restricted\" src=\"https:\/\/artlogic.biz\/de\/artlogic-auf-der-photokina-2016-in-koeln\/embed\/#?secret=SgXcIsZxGe\" width=\"600\" height=\"338\" title=\"&#8222;artlogic auf der photokina 2016 in K\u00f6ln&#8220; &#8211; artlogic\" data-secret=\"SgXcIsZxGe\" frameborder=\"0\" marginwidth=\"0\" marginheight=\"0\" scrolling=\"no\" class=\"wp-embedded-content\"><\/iframe><script type=\"text\/javascript\">\n\/* <![CDATA[ *\/\n\/*! This file is auto-generated *\/\n!function(d,l){\"use strict\";l.querySelector&&d.addEventListener&&\"undefined\"!=typeof URL&&(d.wp=d.wp||{},d.wp.receiveEmbedMessage||(d.wp.receiveEmbedMessage=function(e){var t=e.data;if((t||t.secret||t.message||t.value)&&!\/[^a-zA-Z0-9]\/.test(t.secret)){for(var s,r,n,a=l.querySelectorAll('iframe[data-secret=\"'+t.secret+'\"]'),o=l.querySelectorAll('blockquote[data-secret=\"'+t.secret+'\"]'),c=new RegExp(\"^https?:$\",\"i\"),i=0;i<o.length;i++)o[i].style.display=\"none\";for(i=0;i<a.length;i++)s=a[i],e.source===s.contentWindow&&(s.removeAttribute(\"style\"),\"height\"===t.message?(1e3<(r=parseInt(t.value,10))?r=1e3:~~r<200&&(r=200),s.height=r):\"link\"===t.message&&(r=new URL(s.getAttribute(\"src\")),n=new URL(t.value),c.test(n.protocol))&&n.host===r.host&&l.activeElement===s&&(d.top.location.href=t.value))}},d.addEventListener(\"message\",d.wp.receiveEmbedMessage,!1),l.addEventListener(\"DOMContentLoaded\",function(){for(var e,t,s=l.querySelectorAll(\"iframe.wp-embedded-content\"),r=0;r<s.length;r++)(t=(e=s[r]).getAttribute(\"data-secret\"))||(t=Math.random().toString(36).substring(2,12),e.src+=\"#?secret=\"+t,e.setAttribute(\"data-secret\",t)),e.contentWindow.postMessage({message:\"ready\",secret:t},\"*\")},!1)))}(window,document);\n\/* ]]> *\/\n<\/script>\n","thumbnail_url":"https:\/\/artlogic.biz\/wp-content\/uploads\/photokina.jpg","thumbnail_width":540,"thumbnail_height":684,"description":"Die Crew in K\u00f6ln unterst\u00fctzt die Weltleitmesse f\u00fcr Foto und Video Schon seit Mitte September unterst\u00fctzt die lokale artlogic Crew in K\u00f6ln den Aufbau und die Durchf\u00fchrung der Weltleitmesse photokina \u2013die vom 20.-25. September 2016 in K\u00f6ln stattfand. Vor Ort sorgten die Fachkr\u00e4fte, Technischen Assistenten, Staplerfahrer und Stagehands f\u00fcr einen reibunslosen Aufbau und die Durchf\u00fchrung [&hellip;]"}