{"id":3903,"date":"2016-09-07T13:15:57","date_gmt":"2016-09-07T11:15:57","guid":{"rendered":"http:\/\/www.artlogic.biz\/at\/?page_id=3903"},"modified":"2024-07-23T12:54:00","modified_gmt":"2024-07-23T10:54:00","slug":"news","status":"publish","type":"page","link":"https:\/\/artlogic.biz\/at\/news\/","title":{"rendered":"News"},"content":{"rendered":"<div  class='av-alb-blogposts template-blog  av-blog-meta-author-disabled av-blog-meta-comments-disabled av-blog-meta-category-disabled av-blog-meta-html-info-disabled av-blog-meta-tag-disabled '  itemscope=\"itemscope\" itemtype=\"https:\/\/schema.org\/Blog\" ><article class=\"post-entry post-entry-type-standard post-entry-713319 post-loop-1 post-parity-odd single-big with-slider post-713319 post type-post status-publish format-standard has-post-thumbnail hentry category-allgemein-at\"  itemscope=\"itemscope\" itemtype=\"https:\/\/schema.org\/BlogPosting\" ><div class=\"big-preview single-big\"  itemprop=\"image\" itemscope=\"itemscope\" itemtype=\"https:\/\/schema.org\/ImageObject\" ><a href=\"https:\/\/artlogic.biz\/at\/eva-jansen-verstaerkt-artlogic-niederlande\/\"  title=\"Eva Jansen joins artlogic\" ><img decoding=\"async\" loading=\"lazy\" width=\"1200\" height=\"630\" src=\"https:\/\/artlogic.biz\/wp-content\/uploads\/Eva-1.png\" class=\"wp-image-711667 avia-img-lazy-loading-711667 attachment-entry_with_sidebar size-entry_with_sidebar wp-post-image\" alt=\"Eva Jansen joins artlogic\" srcset=\"https:\/\/artlogic.biz\/wp-content\/uploads\/Eva-1.png 1200w, https:\/\/artlogic.biz\/wp-content\/uploads\/Eva-1-300x158.png 300w, https:\/\/artlogic.biz\/wp-content\/uploads\/Eva-1-1030x541.png 1030w, https:\/\/artlogic.biz\/wp-content\/uploads\/Eva-1-80x42.png 80w, https:\/\/artlogic.biz\/wp-content\/uploads\/Eva-1-705x370.png 705w, https:\/\/artlogic.biz\/wp-content\/uploads\/Eva-1-150x79.png 150w\" sizes=\"auto, (max-width: 1200px) 100vw, 1200px\" \/><\/a><\/div><div class=\"blog-meta\"><\/div><div class='entry-content-wrapper clearfix standard-content'><header class=\"entry-content-header\" aria-label=\"Post: Eva Jansen verst\u00e4rkt artlogic Niederlande\"><h2 class='post-title entry-title '  itemprop=\"headline\" ><a href=\"https:\/\/artlogic.biz\/at\/eva-jansen-verstaerkt-artlogic-niederlande\/\" rel=\"bookmark\" title=\"Permanenter Link zu: Eva Jansen verst\u00e4rkt artlogic Niederlande\">Eva Jansen verst\u00e4rkt artlogic Niederlande<span class=\"post-format-icon minor-meta\"><\/span><\/a><\/h2><span class=\"post-meta-infos\"><time class=\"date-container minor-meta updated\"  itemprop=\"datePublished\" datetime=\"2026-04-17T10:09:48+02:00\" >17. April 2026<\/time><\/span><\/header><div class=\"entry-content\"  itemprop=\"text\" ><p>Im Zuge seines weiteren Wachstums in den Niederlanden erweitert artlogic sein Team und ernennt Eva Jansen zur Projektmanagerin f\u00fcr den niederl\u00e4ndischen Markt. Eva bringt einen vielf\u00e4ltigen Hintergrund in den Bereichen Gastgewerbe und Eventmanagement mit. Sie besitzt ausgepr\u00e4gte organisatorische F\u00e4higkeiten, aber stellt immer den Menschen in den Mittelpunkt der Herangehensweise. Sie sammelte praktische Erfahrungen in der [&hellip;]<\/p>\n<div class=\"read-more-link\"><a href=\"https:\/\/artlogic.biz\/at\/eva-jansen-verstaerkt-artlogic-niederlande\/\" class=\"more-link\">Weiterlesen<span class=\"more-link-arrow\">  &rarr;<\/span><\/a><\/div>\n<\/div><footer class=\"entry-footer\"><\/footer><div class='post_delimiter'><\/div><\/div><div class=\"post_author_timeline\"><\/div><span class='hidden'>\n\t\t\t\t<span class='av-structured-data'  itemprop=\"image\" itemscope=\"itemscope\" itemtype=\"https:\/\/schema.org\/ImageObject\" >\n\t\t\t\t\t\t<span itemprop='url'>https:\/\/artlogic.biz\/wp-content\/uploads\/Eva-1.png<\/span>\n\t\t\t\t\t\t<span itemprop='height'>630<\/span>\n\t\t\t\t\t\t<span itemprop='width'>1200<\/span>\n\t\t\t\t<\/span>\n\t\t\t\t<span class='av-structured-data'  itemprop=\"publisher\" itemtype=\"https:\/\/schema.org\/Organization\" itemscope=\"itemscope\" >\n\t\t\t\t\t\t<span itemprop='name'>Anja<\/span>\n\t\t\t\t\t\t<span itemprop='logo' itemscope itemtype='https:\/\/schema.org\/ImageObject'>\n\t\t\t\t\t\t\t<span itemprop='url'>https:\/\/artlogic.biz\/wp-content\/uploads\/logo2-1.png<\/span>\n\t\t\t\t\t\t<\/span>\n\t\t\t\t<\/span><span class='av-structured-data'  itemprop=\"author\" itemscope=\"itemscope\" itemtype=\"https:\/\/schema.org\/Person\" ><span itemprop='name'>Anja<\/span><\/span><span class='av-structured-data'  itemprop=\"datePublished\" datetime=\"2026-04-17T10:09:48+02:00\" >2026-04-17 10:09:48<\/span><span class='av-structured-data'  itemprop=\"dateModified\" itemtype=\"https:\/\/schema.org\/dateModified\" >2026-04-17 11:06:37<\/span><span class='av-structured-data'  itemprop=\"mainEntityOfPage\" itemtype=\"https:\/\/schema.org\/mainEntityOfPage\" ><span itemprop='name'>Eva Jansen verst\u00e4rkt artlogic Niederlande<\/span><\/span><\/span><\/article><article class=\"post-entry post-entry-type-standard post-entry-713314 post-loop-2 post-parity-even single-big with-slider post-713314 post type-post status-publish format-standard has-post-thumbnail hentry category-allgemein-at\"  itemscope=\"itemscope\" itemtype=\"https:\/\/schema.org\/BlogPosting\" ><div class=\"big-preview single-big\"  itemprop=\"image\" itemscope=\"itemscope\" itemtype=\"https:\/\/schema.org\/ImageObject\" ><a href=\"https:\/\/artlogic.biz\/at\/koningsdag-in-den-niederlanden\/\"  title=\"Kings Day\" ><img decoding=\"async\" loading=\"lazy\" width=\"1200\" height=\"630\" src=\"https:\/\/artlogic.biz\/wp-content\/uploads\/Kings-Day.png\" class=\"wp-image-711631 avia-img-lazy-loading-711631 attachment-entry_with_sidebar size-entry_with_sidebar wp-post-image\" alt=\"Kings Day\" srcset=\"https:\/\/artlogic.biz\/wp-content\/uploads\/Kings-Day.png 1200w, https:\/\/artlogic.biz\/wp-content\/uploads\/Kings-Day-300x158.png 300w, https:\/\/artlogic.biz\/wp-content\/uploads\/Kings-Day-1030x541.png 1030w, https:\/\/artlogic.biz\/wp-content\/uploads\/Kings-Day-80x42.png 80w, https:\/\/artlogic.biz\/wp-content\/uploads\/Kings-Day-705x370.png 705w, https:\/\/artlogic.biz\/wp-content\/uploads\/Kings-Day-150x79.png 150w\" sizes=\"auto, (max-width: 1200px) 100vw, 1200px\" \/><\/a><\/div><div class=\"blog-meta\"><\/div><div class='entry-content-wrapper clearfix standard-content'><header class=\"entry-content-header\" aria-label=\"Post: Koningsdag in den Niederlanden\"><h2 class='post-title entry-title '  itemprop=\"headline\" ><a href=\"https:\/\/artlogic.biz\/at\/koningsdag-in-den-niederlanden\/\" rel=\"bookmark\" title=\"Permanenter Link zu: Koningsdag in den Niederlanden\">Koningsdag in den Niederlanden<span class=\"post-format-icon minor-meta\"><\/span><\/a><\/h2><span class=\"post-meta-infos\"><time class=\"date-container minor-meta updated\"  itemprop=\"datePublished\" datetime=\"2026-04-17T10:05:54+02:00\" >17. April 2026<\/time><\/span><\/header><div class=\"entry-content\"  itemprop=\"text\" ><p>Der Koningsdag ist eines der bekanntesten Feste der Niederlande. Das gesamte Land feiert diesen Tag ausgelassen. F\u00fcr artlogic ist der K\u00f6nigstag aber mehr als nur ein riesiges Fest. Jedes Jahr am 27. April, dem Geburtstag des K\u00f6nigs, verwandelt sich das ganze Land in ein orangefarbenes Fest. Orange ist die Nationalfarbe der Niederlande. St\u00e4dte und Ortschaften, [&hellip;]<\/p>\n<div class=\"read-more-link\"><a href=\"https:\/\/artlogic.biz\/at\/koningsdag-in-den-niederlanden\/\" class=\"more-link\">Weiterlesen<span class=\"more-link-arrow\">  &rarr;<\/span><\/a><\/div>\n<\/div><footer class=\"entry-footer\"><\/footer><div class='post_delimiter'><\/div><\/div><div class=\"post_author_timeline\"><\/div><span class='hidden'>\n\t\t\t\t<span class='av-structured-data'  itemprop=\"image\" itemscope=\"itemscope\" itemtype=\"https:\/\/schema.org\/ImageObject\" >\n\t\t\t\t\t\t<span itemprop='url'>https:\/\/artlogic.biz\/wp-content\/uploads\/Kings-Day.png<\/span>\n\t\t\t\t\t\t<span itemprop='height'>630<\/span>\n\t\t\t\t\t\t<span itemprop='width'>1200<\/span>\n\t\t\t\t<\/span>\n\t\t\t\t<span class='av-structured-data'  itemprop=\"publisher\" itemtype=\"https:\/\/schema.org\/Organization\" itemscope=\"itemscope\" >\n\t\t\t\t\t\t<span itemprop='name'>Anja<\/span>\n\t\t\t\t\t\t<span itemprop='logo' itemscope itemtype='https:\/\/schema.org\/ImageObject'>\n\t\t\t\t\t\t\t<span itemprop='url'>https:\/\/artlogic.biz\/wp-content\/uploads\/logo2-1.png<\/span>\n\t\t\t\t\t\t<\/span>\n\t\t\t\t<\/span><span class='av-structured-data'  itemprop=\"author\" itemscope=\"itemscope\" itemtype=\"https:\/\/schema.org\/Person\" ><span itemprop='name'>Anja<\/span><\/span><span class='av-structured-data'  itemprop=\"datePublished\" datetime=\"2026-04-17T10:05:54+02:00\" >2026-04-17 10:05:54<\/span><span class='av-structured-data'  itemprop=\"dateModified\" itemtype=\"https:\/\/schema.org\/dateModified\" >2026-04-17 11:07:30<\/span><span class='av-structured-data'  itemprop=\"mainEntityOfPage\" itemtype=\"https:\/\/schema.org\/mainEntityOfPage\" ><span itemprop='name'>Koningsdag in den Niederlanden<\/span><\/span><\/span><\/article><article class=\"post-entry post-entry-type-standard post-entry-713317 post-loop-3 post-parity-odd single-big with-slider post-713317 post type-post status-publish format-standard has-post-thumbnail hentry category-allgemein-at\"  itemscope=\"itemscope\" itemtype=\"https:\/\/schema.org\/BlogPosting\" ><div class=\"big-preview single-big\"  itemprop=\"image\" itemscope=\"itemscope\" itemtype=\"https:\/\/schema.org\/ImageObject\" ><a href=\"https:\/\/artlogic.biz\/at\/kultursommer-2026-artlogic-begleitet-bedeutende-kulturfestivals\/\"  title=\"Foto: Ruhrfestspiele\/Hans J\u00fcrgen Landes\" ><img decoding=\"async\" loading=\"lazy\" width=\"1200\" height=\"630\" src=\"https:\/\/artlogic.biz\/wp-content\/uploads\/Sans-titre-22-1200x630.png\" class=\"wp-image-339038 avia-img-lazy-loading-339038 attachment-entry_with_sidebar size-entry_with_sidebar wp-post-image\" alt=\"Ruhrfestspiele\" srcset=\"https:\/\/artlogic.biz\/wp-content\/uploads\/Sans-titre-22.png 1200w, https:\/\/artlogic.biz\/wp-content\/uploads\/Sans-titre-22-300x158.png 300w, https:\/\/artlogic.biz\/wp-content\/uploads\/Sans-titre-22-1030x541.png 1030w, https:\/\/artlogic.biz\/wp-content\/uploads\/Sans-titre-22-80x42.png 80w, https:\/\/artlogic.biz\/wp-content\/uploads\/Sans-titre-22-705x370.png 705w\" sizes=\"auto, (max-width: 1200px) 100vw, 1200px\" \/><small class='avia-copyright'>Ruhrfestspiele\/Foto: Hans J\u00fcrgen Landes<\/small><\/a><\/div><div class=\"blog-meta\"><\/div><div class='entry-content-wrapper clearfix standard-content'><header class=\"entry-content-header\" aria-label=\"Post: Kultursommer 2026 &#8211; artlogic begleitet bedeutende Kulturfestivals\"><h2 class='post-title entry-title '  itemprop=\"headline\" ><a href=\"https:\/\/artlogic.biz\/at\/kultursommer-2026-artlogic-begleitet-bedeutende-kulturfestivals\/\" rel=\"bookmark\" title=\"Permanenter Link zu: Kultursommer 2026 &#8211; artlogic begleitet bedeutende Kulturfestivals\">Kultursommer 2026 &#8211; artlogic begleitet bedeutende Kulturfestivals<span class=\"post-format-icon minor-meta\"><\/span><\/a><\/h2><span class=\"post-meta-infos\"><time class=\"date-container minor-meta updated\"  itemprop=\"datePublished\" datetime=\"2026-04-17T10:05:18+02:00\" >17. April 2026<\/time><\/span><\/header><div class=\"entry-content\"  itemprop=\"text\" ><p>Erneut d\u00fcrfen wir f\u00fcr zwei langj\u00e4hrige Kunden in diesem Sommer zwei der gr\u00f6\u00dften europ\u00e4ischen Festivals f\u00fcr Kultur mit diversen Crews und Gewerken unterst\u00fctzen. Sowohl die \u201dRuhrfestspiele Recklinghausen\u201d als auch die \u201cRuhrtriennale &#8211; Festival der K\u00fcnste\u201d haben uns wieder mit der Begleitung ihrer diesj\u00e4hrigen Spielzeiten betraut.\u00a0 Als eines der \u00e4ltesten Theaterfestival Europas feiern die \u201cRuhrfestspiele\u201d 2026 [&hellip;]<\/p>\n<div class=\"read-more-link\"><a href=\"https:\/\/artlogic.biz\/at\/kultursommer-2026-artlogic-begleitet-bedeutende-kulturfestivals\/\" class=\"more-link\">Weiterlesen<span class=\"more-link-arrow\">  &rarr;<\/span><\/a><\/div>\n<\/div><footer class=\"entry-footer\"><\/footer><div class='post_delimiter'><\/div><\/div><div class=\"post_author_timeline\"><\/div><span class='hidden'>\n\t\t\t\t<span class='av-structured-data'  itemprop=\"image\" itemscope=\"itemscope\" itemtype=\"https:\/\/schema.org\/ImageObject\" >\n\t\t\t\t\t\t<span itemprop='url'>https:\/\/artlogic.biz\/wp-content\/uploads\/Sans-titre-22.png<\/span>\n\t\t\t\t\t\t<span itemprop='height'>630<\/span>\n\t\t\t\t\t\t<span itemprop='width'>1200<\/span>\n\t\t\t\t<\/span>\n\t\t\t\t<span class='av-structured-data'  itemprop=\"publisher\" itemtype=\"https:\/\/schema.org\/Organization\" itemscope=\"itemscope\" >\n\t\t\t\t\t\t<span itemprop='name'>Anja<\/span>\n\t\t\t\t\t\t<span itemprop='logo' itemscope itemtype='https:\/\/schema.org\/ImageObject'>\n\t\t\t\t\t\t\t<span itemprop='url'>https:\/\/artlogic.biz\/wp-content\/uploads\/logo2-1.png<\/span>\n\t\t\t\t\t\t<\/span>\n\t\t\t\t<\/span><span class='av-structured-data'  itemprop=\"author\" itemscope=\"itemscope\" itemtype=\"https:\/\/schema.org\/Person\" ><span itemprop='name'>Anja<\/span><\/span><span class='av-structured-data'  itemprop=\"datePublished\" datetime=\"2026-04-17T10:05:18+02:00\" >2026-04-17 10:05:18<\/span><span class='av-structured-data'  itemprop=\"dateModified\" itemtype=\"https:\/\/schema.org\/dateModified\" >2026-04-17 10:07:33<\/span><span class='av-structured-data'  itemprop=\"mainEntityOfPage\" itemtype=\"https:\/\/schema.org\/mainEntityOfPage\" ><span itemprop='name'>Kultursommer 2026 &#8211; artlogic begleitet bedeutende Kulturfestivals<\/span><\/span><\/span><\/article><article class=\"post-entry post-entry-type-standard post-entry-707203 post-loop-4 post-parity-even single-big with-slider post-707203 post type-post status-publish format-standard has-post-thumbnail hentry category-allgemein-at\"  itemscope=\"itemscope\" itemtype=\"https:\/\/schema.org\/BlogPosting\" ><div class=\"big-preview single-big\"  itemprop=\"image\" itemscope=\"itemscope\" itemtype=\"https:\/\/schema.org\/ImageObject\" ><a href=\"https:\/\/artlogic.biz\/at\/wiens-ballsaison\/\"  title=\"Vienna&#039;s ball season\" ><img decoding=\"async\" loading=\"lazy\" width=\"1200\" height=\"630\" src=\"https:\/\/artlogic.biz\/wp-content\/uploads\/Viennas-ball-season-2-1.png\" class=\"wp-image-706366 avia-img-lazy-loading-706366 attachment-entry_with_sidebar size-entry_with_sidebar wp-post-image\" alt=\"Vienna&#039;s ball se\" srcset=\"https:\/\/artlogic.biz\/wp-content\/uploads\/Viennas-ball-season-2-1.png 1200w, https:\/\/artlogic.biz\/wp-content\/uploads\/Viennas-ball-season-2-1-300x158.png 300w, https:\/\/artlogic.biz\/wp-content\/uploads\/Viennas-ball-season-2-1-1030x541.png 1030w, https:\/\/artlogic.biz\/wp-content\/uploads\/Viennas-ball-season-2-1-80x42.png 80w, https:\/\/artlogic.biz\/wp-content\/uploads\/Viennas-ball-season-2-1-705x370.png 705w, https:\/\/artlogic.biz\/wp-content\/uploads\/Viennas-ball-season-2-1-150x79.png 150w\" sizes=\"auto, (max-width: 1200px) 100vw, 1200px\" \/><\/a><\/div><div class=\"blog-meta\"><\/div><div class='entry-content-wrapper clearfix standard-content'><header class=\"entry-content-header\" aria-label=\"Post: Wien&#8217;s Ballsaison l\u00e4uft! Alles Walzer!\"><h2 class='post-title entry-title '  itemprop=\"headline\" ><a href=\"https:\/\/artlogic.biz\/at\/wiens-ballsaison\/\" rel=\"bookmark\" title=\"Permanenter Link zu: Wien&#8217;s Ballsaison l\u00e4uft! Alles Walzer!\">Wien&#8217;s Ballsaison l\u00e4uft! Alles Walzer!<span class=\"post-format-icon minor-meta\"><\/span><\/a><\/h2><span class=\"post-meta-infos\"><time class=\"date-container minor-meta updated\"  itemprop=\"datePublished\" datetime=\"2026-02-06T13:01:43+01:00\" >6. Feber 2026<\/time><\/span><\/header><div class=\"entry-content\"  itemprop=\"text\" ><p>Ob im Frack oder Smoking auf dem Ball&#8230;\u00a0 ob in Arbeitskleidung beim Auf- oder Abbau: unsere Crew ist routiniert und seit Jahren in den ber\u00fchmten Wiener Ball-Locations im Einsatz. Nirgendwo auf der Welt gibt es so viele m\u00e4rchenhafte B\u00e4lle wie in Wien. Diese finden wie eh und je in reich geschm\u00fcckten historischen S\u00e4len statt. Einmalig [&hellip;]<\/p>\n<div class=\"read-more-link\"><a href=\"https:\/\/artlogic.biz\/at\/wiens-ballsaison\/\" class=\"more-link\">Weiterlesen<span class=\"more-link-arrow\">  &rarr;<\/span><\/a><\/div>\n<\/div><footer class=\"entry-footer\"><\/footer><div class='post_delimiter'><\/div><\/div><div class=\"post_author_timeline\"><\/div><span class='hidden'>\n\t\t\t\t<span class='av-structured-data'  itemprop=\"image\" itemscope=\"itemscope\" itemtype=\"https:\/\/schema.org\/ImageObject\" >\n\t\t\t\t\t\t<span itemprop='url'>https:\/\/artlogic.biz\/wp-content\/uploads\/Viennas-ball-season-2-1.png<\/span>\n\t\t\t\t\t\t<span itemprop='height'>630<\/span>\n\t\t\t\t\t\t<span itemprop='width'>1200<\/span>\n\t\t\t\t<\/span>\n\t\t\t\t<span class='av-structured-data'  itemprop=\"publisher\" itemtype=\"https:\/\/schema.org\/Organization\" itemscope=\"itemscope\" >\n\t\t\t\t\t\t<span itemprop='name'>Anja<\/span>\n\t\t\t\t\t\t<span itemprop='logo' itemscope itemtype='https:\/\/schema.org\/ImageObject'>\n\t\t\t\t\t\t\t<span itemprop='url'>https:\/\/artlogic.biz\/wp-content\/uploads\/logo2-1.png<\/span>\n\t\t\t\t\t\t<\/span>\n\t\t\t\t<\/span><span class='av-structured-data'  itemprop=\"author\" itemscope=\"itemscope\" itemtype=\"https:\/\/schema.org\/Person\" ><span itemprop='name'>Anja<\/span><\/span><span class='av-structured-data'  itemprop=\"datePublished\" datetime=\"2026-02-06T13:01:43+01:00\" >2026-02-06 13:01:43<\/span><span class='av-structured-data'  itemprop=\"dateModified\" itemtype=\"https:\/\/schema.org\/dateModified\" >2026-02-06 13:15:50<\/span><span class='av-structured-data'  itemprop=\"mainEntityOfPage\" itemtype=\"https:\/\/schema.org\/mainEntityOfPage\" ><span itemprop='name'>Wien&#8217;s Ballsaison l\u00e4uft! Alles Walzer!<\/span><\/span><\/span><\/article><article class=\"post-entry post-entry-type-standard post-entry-707198 post-loop-5 post-parity-odd post-entry-last single-big with-slider post-707198 post type-post status-publish format-standard has-post-thumbnail hentry category-allgemein-at\"  itemscope=\"itemscope\" itemtype=\"https:\/\/schema.org\/BlogPosting\" ><div class=\"big-preview single-big\"  itemprop=\"image\" itemscope=\"itemscope\" itemtype=\"https:\/\/schema.org\/ImageObject\" ><a href=\"https:\/\/artlogic.biz\/at\/winterspiele-in-cortina-dampezzo\/\"  title=\"Winter Olympics Italy\" ><img decoding=\"async\" loading=\"lazy\" width=\"1200\" height=\"630\" src=\"https:\/\/artlogic.biz\/wp-content\/uploads\/Winter-Olympics.png\" class=\"wp-image-706294 avia-img-lazy-loading-706294 attachment-entry_with_sidebar size-entry_with_sidebar wp-post-image\" alt=\"Winter Olympics Italy\" srcset=\"https:\/\/artlogic.biz\/wp-content\/uploads\/Winter-Olympics.png 1200w, https:\/\/artlogic.biz\/wp-content\/uploads\/Winter-Olympics-300x158.png 300w, https:\/\/artlogic.biz\/wp-content\/uploads\/Winter-Olympics-1030x541.png 1030w, https:\/\/artlogic.biz\/wp-content\/uploads\/Winter-Olympics-80x42.png 80w, https:\/\/artlogic.biz\/wp-content\/uploads\/Winter-Olympics-705x370.png 705w, https:\/\/artlogic.biz\/wp-content\/uploads\/Winter-Olympics-150x79.png 150w\" sizes=\"auto, (max-width: 1200px) 100vw, 1200px\" \/><\/a><\/div><div class=\"blog-meta\"><\/div><div class='entry-content-wrapper clearfix standard-content'><header class=\"entry-content-header\" aria-label=\"Post: Winterspiele in Cortina d\u2019Ampezzo\"><h2 class='post-title entry-title '  itemprop=\"headline\" ><a href=\"https:\/\/artlogic.biz\/at\/winterspiele-in-cortina-dampezzo\/\" rel=\"bookmark\" title=\"Permanenter Link zu: Winterspiele in Cortina d\u2019Ampezzo\">Winterspiele in Cortina d\u2019Ampezzo<span class=\"post-format-icon minor-meta\"><\/span><\/a><\/h2><span class=\"post-meta-infos\"><time class=\"date-container minor-meta updated\"  itemprop=\"datePublished\" datetime=\"2026-02-06T12:57:29+01:00\" >6. Feber 2026<\/time><\/span><\/header><div class=\"entry-content\"  itemprop=\"text\" ><p>Die Sportwelt blickt jetzt nach Norditalien, wo die Winterspiele beginnen. Wir freuen uns, dazu beitragen zu d\u00fcrfen, indem wir in Cortina d&#8217;Ampezzo mit einem unserer bew\u00e4hrten Partner lokale italienische Crews f\u00fcr mehrere deutsche Kunden stellen. Aufgrund der hohen Sicherheitsauflagen ein lange vorbereitetes Projekt, mit hohem Planungsaufwand, strenger Akkreditierung und vielen Abstimmungen zwischen uns, dem Kunden [&hellip;]<\/p>\n<div class=\"read-more-link\"><a href=\"https:\/\/artlogic.biz\/at\/winterspiele-in-cortina-dampezzo\/\" class=\"more-link\">Weiterlesen<span class=\"more-link-arrow\">  &rarr;<\/span><\/a><\/div>\n<\/div><footer class=\"entry-footer\"><\/footer><div class='post_delimiter'><\/div><\/div><div class=\"post_author_timeline\"><\/div><span class='hidden'>\n\t\t\t\t<span class='av-structured-data'  itemprop=\"image\" itemscope=\"itemscope\" itemtype=\"https:\/\/schema.org\/ImageObject\" >\n\t\t\t\t\t\t<span itemprop='url'>https:\/\/artlogic.biz\/wp-content\/uploads\/Winter-Olympics.png<\/span>\n\t\t\t\t\t\t<span itemprop='height'>630<\/span>\n\t\t\t\t\t\t<span itemprop='width'>1200<\/span>\n\t\t\t\t<\/span>\n\t\t\t\t<span class='av-structured-data'  itemprop=\"publisher\" itemtype=\"https:\/\/schema.org\/Organization\" itemscope=\"itemscope\" >\n\t\t\t\t\t\t<span itemprop='name'>Anja<\/span>\n\t\t\t\t\t\t<span itemprop='logo' itemscope itemtype='https:\/\/schema.org\/ImageObject'>\n\t\t\t\t\t\t\t<span itemprop='url'>https:\/\/artlogic.biz\/wp-content\/uploads\/logo2-1.png<\/span>\n\t\t\t\t\t\t<\/span>\n\t\t\t\t<\/span><span class='av-structured-data'  itemprop=\"author\" itemscope=\"itemscope\" itemtype=\"https:\/\/schema.org\/Person\" ><span itemprop='name'>Anja<\/span><\/span><span class='av-structured-data'  itemprop=\"datePublished\" datetime=\"2026-02-06T12:57:29+01:00\" >2026-02-06 12:57:29<\/span><span class='av-structured-data'  itemprop=\"dateModified\" itemtype=\"https:\/\/schema.org\/dateModified\" >2026-02-06 12:57:29<\/span><span class='av-structured-data'  itemprop=\"mainEntityOfPage\" itemtype=\"https:\/\/schema.org\/mainEntityOfPage\" ><span itemprop='name'>Winterspiele in Cortina d\u2019Ampezzo<\/span><\/span><\/span><\/article><div class='single-big'><nav class='pagination'><span class='pagination-meta'>Seite 1 von 12<\/span><span class='current'>1<\/span><a href='https:\/\/artlogic.biz\/at\/wp-json\/wp\/v2\/pages\/3903\/page\/2\/' class='inactive next_page' >2<\/a><a href='https:\/\/artlogic.biz\/at\/wp-json\/wp\/v2\/pages\/3903\/page\/3\/' class='inactive' >3<\/a><a href='https:\/\/artlogic.biz\/at\/wp-json\/wp\/v2\/pages\/3903\/page\/2\/'>&rsaquo;<\/a><a href='https:\/\/artlogic.biz\/at\/wp-json\/wp\/v2\/pages\/3903\/page\/12\/'>&raquo;<\/a><\/nav>\n<\/div><\/div>\n","protected":false},"excerpt":{"rendered":"","protected":false},"author":1,"featured_media":0,"parent":0,"menu_order":0,"comment_status":"closed","ping_status":"closed","template":"","meta":{"footnotes":""},"class_list":["post-3903","page","type-page","status-publish","hentry"],"yoast_head":"<!-- This site is optimized with the Yoast SEO plugin v25.7 - https:\/\/yoast.com\/wordpress\/plugins\/seo\/ -->\n<title>News - artlogic<\/title>\n<meta name=\"robots\" content=\"index, follow, max-snippet:-1, max-image-preview:large, max-video-preview:-1\" \/>\n<link rel=\"canonical\" href=\"https:\/\/artlogic.biz\/at\/news\/\" \/>\n<meta property=\"og:locale\" content=\"de_DE\" \/>\n<meta property=\"og:type\" content=\"article\" \/>\n<meta property=\"og:title\" content=\"News - artlogic\" \/>\n<meta property=\"og:url\" content=\"https:\/\/artlogic.biz\/at\/news\/\" \/>\n<meta property=\"og:site_name\" content=\"artlogic\" \/>\n<meta property=\"article:modified_time\" content=\"2024-07-23T10:54:00+00:00\" \/>\n<meta name=\"twitter:card\" content=\"summary_large_image\" \/>\n<script type=\"application\/ld+json\" class=\"yoast-schema-graph\">{\"@context\":\"https:\/\/schema.org\",\"@graph\":[{\"@type\":\"WebPage\",\"@id\":\"https:\/\/artlogic.biz\/at\/news\/\",\"url\":\"https:\/\/artlogic.biz\/at\/news\/\",\"name\":\"News - artlogic\",\"isPartOf\":{\"@id\":\"https:\/\/artlogic.biz\/at\/#website\"},\"datePublished\":\"2016-09-07T11:15:57+00:00\",\"dateModified\":\"2024-07-23T10:54:00+00:00\",\"breadcrumb\":{\"@id\":\"https:\/\/artlogic.biz\/at\/news\/#breadcrumb\"},\"inLanguage\":\"de-AT\",\"potentialAction\":[{\"@type\":\"ReadAction\",\"target\":[\"https:\/\/artlogic.biz\/at\/news\/\"]}]},{\"@type\":\"BreadcrumbList\",\"@id\":\"https:\/\/artlogic.biz\/at\/news\/#breadcrumb\",\"itemListElement\":[{\"@type\":\"ListItem\",\"position\":1,\"name\":\"Home\",\"item\":\"https:\/\/artlogic.biz\/at\/\"},{\"@type\":\"ListItem\",\"position\":2,\"name\":\"News\"}]},{\"@type\":\"WebSite\",\"@id\":\"https:\/\/artlogic.biz\/at\/#website\",\"url\":\"https:\/\/artlogic.biz\/at\/\",\"name\":\"artlogic\",\"description\":\"\",\"potentialAction\":[{\"@type\":\"SearchAction\",\"target\":{\"@type\":\"EntryPoint\",\"urlTemplate\":\"https:\/\/artlogic.biz\/at\/?s={search_term_string}\"},\"query-input\":{\"@type\":\"PropertyValueSpecification\",\"valueRequired\":true,\"valueName\":\"search_term_string\"}}],\"inLanguage\":\"de-AT\"}]}<\/script>\n<!-- \/ Yoast SEO plugin. -->","yoast_head_json":{"title":"News - artlogic","robots":{"index":"index","follow":"follow","max-snippet":"max-snippet:-1","max-image-preview":"max-image-preview:large","max-video-preview":"max-video-preview:-1"},"canonical":"https:\/\/artlogic.biz\/at\/news\/","og_locale":"de_DE","og_type":"article","og_title":"News - artlogic","og_url":"https:\/\/artlogic.biz\/at\/news\/","og_site_name":"artlogic","article_modified_time":"2024-07-23T10:54:00+00:00","twitter_card":"summary_large_image","schema":{"@context":"https:\/\/schema.org","@graph":[{"@type":"WebPage","@id":"https:\/\/artlogic.biz\/at\/news\/","url":"https:\/\/artlogic.biz\/at\/news\/","name":"News - artlogic","isPartOf":{"@id":"https:\/\/artlogic.biz\/at\/#website"},"datePublished":"2016-09-07T11:15:57+00:00","dateModified":"2024-07-23T10:54:00+00:00","breadcrumb":{"@id":"https:\/\/artlogic.biz\/at\/news\/#breadcrumb"},"inLanguage":"de-AT","potentialAction":[{"@type":"ReadAction","target":["https:\/\/artlogic.biz\/at\/news\/"]}]},{"@type":"BreadcrumbList","@id":"https:\/\/artlogic.biz\/at\/news\/#breadcrumb","itemListElement":[{"@type":"ListItem","position":1,"name":"Home","item":"https:\/\/artlogic.biz\/at\/"},{"@type":"ListItem","position":2,"name":"News"}]},{"@type":"WebSite","@id":"https:\/\/artlogic.biz\/at\/#website","url":"https:\/\/artlogic.biz\/at\/","name":"artlogic","description":"","potentialAction":[{"@type":"SearchAction","target":{"@type":"EntryPoint","urlTemplate":"https:\/\/artlogic.biz\/at\/?s={search_term_string}"},"query-input":{"@type":"PropertyValueSpecification","valueRequired":true,"valueName":"search_term_string"}}],"inLanguage":"de-AT"}]}},"_links":{"self":[{"href":"https:\/\/artlogic.biz\/at\/wp-json\/wp\/v2\/pages\/3903","targetHints":{"allow":["GET"]}}],"collection":[{"href":"https:\/\/artlogic.biz\/at\/wp-json\/wp\/v2\/pages"}],"about":[{"href":"https:\/\/artlogic.biz\/at\/wp-json\/wp\/v2\/types\/page"}],"author":[{"embeddable":true,"href":"https:\/\/artlogic.biz\/at\/wp-json\/wp\/v2\/users\/1"}],"replies":[{"embeddable":true,"href":"https:\/\/artlogic.biz\/at\/wp-json\/wp\/v2\/comments?post=3903"}],"version-history":[{"count":5,"href":"https:\/\/artlogic.biz\/at\/wp-json\/wp\/v2\/pages\/3903\/revisions"}],"predecessor-version":[{"id":619992,"href":"https:\/\/artlogic.biz\/at\/wp-json\/wp\/v2\/pages\/3903\/revisions\/619992"}],"wp:attachment":[{"href":"https:\/\/artlogic.biz\/at\/wp-json\/wp\/v2\/media?parent=3903"}],"curies":[{"name":"wp","href":"https:\/\/api.w.org\/{rel}","templated":true}]}}